





{"version":"1.0","provider_name":"Costa Brava Girona CB","provider_url":"https:\/\/www.costabravagironacb.com\/fr\/","author_name":"wp6tems","author_url":"https:\/\/www.costabravagironacb.com\/fr\/author\/wp6tems\/","title":"Castell de Sant Ferran | Costa Brava Girona CB","type":"rich","width":600,"height":338,"html":"<blockquote class=\"wp-embedded-content\" data-secret=\"xxLZtlMkws\"><a href=\"https:\/\/www.costabravagironacb.com\/fr\/membre\/castell-de-sant-ferran\/\">Castell de Sant Ferran<\/a><\/blockquote><iframe sandbox=\"allow-scripts\" security=\"restricted\" src=\"https:\/\/www.costabravagironacb.com\/fr\/membre\/castell-de-sant-ferran\/embed\/#?secret=xxLZtlMkws\" width=\"600\" height=\"338\" title=\"\u00ab\u00a0Castell de Sant Ferran\u00a0\u00bb &#8212; Costa Brava Girona CB\" data-secret=\"xxLZtlMkws\" frameborder=\"0\" marginwidth=\"0\" marginheight=\"0\" scrolling=\"no\" class=\"wp-embedded-content\"><\/iframe><script type=\"text\/javascript\">\n\/* <![CDATA[ *\/\n\/*! This file is auto-generated *\/\n!function(d,l){\"use strict\";l.querySelector&&d.addEventListener&&\"undefined\"!=typeof URL&&(d.wp=d.wp||{},d.wp.receiveEmbedMessage||(d.wp.receiveEmbedMessage=function(e){var t=e.data;if((t||t.secret||t.message||t.value)&&!\/[^a-zA-Z0-9]\/.test(t.secret)){for(var s,r,n,a=l.querySelectorAll('iframe[data-secret=\"'+t.secret+'\"]'),o=l.querySelectorAll('blockquote[data-secret=\"'+t.secret+'\"]'),c=new RegExp(\"^https?:$\",\"i\"),i=0;i<o.length;i++)o[i].style.display=\"none\";for(i=0;i<a.length;i++)s=a[i],e.source===s.contentWindow&&(s.removeAttribute(\"style\"),\"height\"===t.message?(1e3<(r=parseInt(t.value,10))?r=1e3:~~r<200&&(r=200),s.height=r):\"link\"===t.message&&(r=new URL(s.getAttribute(\"src\")),n=new URL(t.value),c.test(n.protocol))&&n.host===r.host&&l.activeElement===s&&(d.top.location.href=t.value))}},d.addEventListener(\"message\",d.wp.receiveEmbedMessage,!1),l.addEventListener(\"DOMContentLoaded\",function(){for(var e,t,s=l.querySelectorAll(\"iframe.wp-embedded-content\"),r=0;r<s.length;r++)(t=(e=s[r]).getAttribute(\"data-secret\"))||(t=Math.random().toString(36).substring(2,12),e.src+=\"#?secret=\"+t,e.setAttribute(\"data-secret\",t)),e.contentWindow.postMessage({message:\"ready\",secret:t},\"*\")},!1)))}(window,document);\n\/\/# sourceURL=https:\/\/www.costabravagironacb.com\/wp-includes\/js\/wp-embed.min.js\n\/* ]]> *\/\n<\/script>\n","thumbnail_url":"https:\/\/www.costabravagironacb.com\/wp-content\/uploads\/2020\/12\/Castell-de-Sant-Ferran-Destacada-Oscar-Vall-1-768x547.webp","thumbnail_width":600,"thumbnail_height":427,"description":"Le ch\u00e2teau de Sant Ferran \u00e0 Figueres est la forteresse du xviiie si\u00e8cle la plus grande d\u2019Europe. Actuellement, on peut le visiter en tant que monument mais il dispose aussi d\u2019une grande offre d\u2019espaces parfaitement adapt\u00e9s \u00e0 la tenue d\u2019\u00e9v\u00e9nements et r\u00e9unions : depuis de vastes salles int\u00e9rieures jusqu\u2019\u00e0 des emplacements spectaculaires en plein air. [&hellip;]"}